{"id":99,"date":"2021-02-17T11:53:38","date_gmt":"2021-02-17T11:53:38","guid":{"rendered":"https:\/\/xn--criar-site-criao-sites-r4b9g.com.br\/provas-wp\/multipat\/?page_id=99"},"modified":"2025-12-16T12:03:44","modified_gmt":"2025-12-16T12:03:44","slug":"equipe-do-laboratorio-multipat","status":"publish","type":"page","link":"https:\/\/www.multipat.com.br\/site\/equipe-do-laboratorio-multipat\/","title":{"rendered":"Equipe M\u00e9dica"},"content":{"rendered":"<div id=\"pl-99\"  class=\"panel-layout\" ><div id=\"pg-99-0\"  class=\"panel-grid panel-no-style\" ><div id=\"pgc-99-0-0\"  class=\"panel-grid-cell panel-grid-cell-mobile-last\" ><div id=\"panel-99-0-0-0\" class=\"so-panel widget widget_sow-editor panel-first-child panel-last-child\" data-index=\"0\" ><div\n\t\t\t\n\t\t\tclass=\"so-widget-sow-editor so-widget-sow-editor-base\"\n\t\t\t\n\t\t><h3 class=\"widget-title\">S\u00d3CIOS FUNDADORES<\/h3>\n<div class=\"siteorigin-widget-tinymce textwidget\">\n\t<\/div>\n<\/div><\/div><\/div><div id=\"pgc-99-0-1\"  class=\"panel-grid-cell panel-grid-cell-empty\" ><\/div><\/div><div id=\"pg-99-1\"  class=\"panel-grid panel-has-style\" ><div class=\"equipe panel-row-style panel-row-style-for-99-1\" ><div id=\"pgc-99-1-0\"  class=\"panel-grid-cell\" ><div id=\"panel-99-1-0-0\" class=\"so-panel widget widget_sow-image panel-first-child panel-last-child\" data-index=\"1\" ><div class=\"doutor-clinica panel-widget-style panel-widget-style-for-99-1-0-0\" ><div\n\t\t\t\n\t\t\tclass=\"so-widget-sow-image so-widget-sow-image-default-6b88c04c1f9b-99\"\n\t\t\t\n\t\t>\n\n<div class=\"sow-image-container\">\n\t\t\t<a href=\"https:\/\/www.multipat.com.br\/site\/equipe-do-laboratorio-multipat\/dr-jose-vassallo\/\"\n\t\t\t\t\t>\n\t\t\t<img decoding=\"async\" src=\"https:\/\/www.multipat.com.br\/site\/wp-content\/uploads\/2022\/04\/DR.-JV-SEM-FUNDO--300x300.png\" width=\"300\" height=\"300\" srcset=\"https:\/\/www.multipat.com.br\/site\/wp-content\/uploads\/2022\/04\/DR.-JV-SEM-FUNDO--300x300.png 300w, https:\/\/www.multipat.com.br\/site\/wp-content\/uploads\/2022\/04\/DR.-JV-SEM-FUNDO--1024x1024.png 1024w, https:\/\/www.multipat.com.br\/site\/wp-content\/uploads\/2022\/04\/DR.-JV-SEM-FUNDO--150x150.png 150w, https:\/\/www.multipat.com.br\/site\/wp-content\/uploads\/2022\/04\/DR.-JV-SEM-FUNDO--768x768.png 768w, https:\/\/www.multipat.com.br\/site\/wp-content\/uploads\/2022\/04\/DR.-JV-SEM-FUNDO-.png 1080w\" sizes=\"(max-width: 300px) 100vw, 300px\" title=\"Dr. Jos\u00e9 Vassallo\" alt=\"\" loading=\"lazy\" \t\tclass=\"so-widget-image\"\/>\n\t<\/a><\/div>\n\n<\/div><\/div><\/div><\/div><div id=\"pgc-99-1-1\"  class=\"panel-grid-cell\" ><div id=\"panel-99-1-1-0\" class=\"so-panel widget widget_sow-editor panel-first-child panel-last-child\" data-index=\"2\" ><div\n\t\t\t\n\t\t\tclass=\"so-widget-sow-editor so-widget-sow-editor-base\"\n\t\t\t\n\t\t><h3 class=\"widget-title\">Dr. Jos\u00e9 Vassallo (In memoriam) 1957 - 2024<\/h3>\n<div class=\"siteorigin-widget-tinymce textwidget\">\n\t<p>Foi graduado em Medicina pela Universidade de S\u00e3o Paulo (1980) e doutorado em Medicina pela Westf\u00e4lische Wilhelms - Universit\u00e4t M\u00fcnster, Alemanha (1987). Seu t\u00edtulo de especialista em Patologia foi obtido pela Unicamp, onde fez Resid\u00eancia M\u00e9dica entre 1981 e 1983, e pela Sociedade Brasileira de Patologia\/Associa\u00e7\u00e3o M\u00e9dica Brasileira (2001). Obteve o grau de Livre-Docente em Patologia no Departamento de Anatomia Patol\u00f3gica da Faculdade de Ci\u00eancias M\u00e9dicas da Unicamp (2001), onde foi Professor Titular desde abril de 2005 (aposentado em 2017). Sua \u00e1rea de atua\u00e7\u00e3o mais espec\u00edfica foi em Hematopatologia. Realizou est\u00e1gios de aperfei\u00e7oamento na Universidade de Kiel (Alemanha 1986), Deutsches Krebsforschungzentrum, Heidelberg (Centro Alem\u00e3o de Pesquisa do C\u00e2ncer, Heidelberg, Alemanha, 1988) Universidade de Paris (Fran\u00e7a, 1992), Universidade de Toulouse (Fran\u00e7a, 1992 e 2005). Foi consultor em Hematopatologia e professor do programa de p\u00f3s-gradua\u00e7\u00e3o em Oncologia da Funda\u00e7\u00e3o Antonio Prudente, AC Camargo Cancer Center (S\u00e3o Paulo, 2008 \u2013 2018). Foi consultor em Hematopatologia no Hospital S\u00e3o Luiz, SP, Rede D\u2019Or at\u00e9 2023.<\/p>\n<\/div>\n<\/div><\/div><\/div><\/div><\/div><div id=\"pg-99-2\"  class=\"panel-grid panel-has-style\" ><div class=\"equipe panel-row-style panel-row-style-for-99-2\" ><div id=\"pgc-99-2-0\"  class=\"panel-grid-cell\" ><div id=\"panel-99-2-0-0\" class=\"so-panel widget widget_sow-image panel-first-child panel-last-child\" data-index=\"3\" ><div class=\"doutor-clinica consultoria panel-widget-style panel-widget-style-for-99-2-0-0\" ><div\n\t\t\t\n\t\t\tclass=\"so-widget-sow-image so-widget-sow-image-default-ab294a5857f7-99\"\n\t\t\t\n\t\t>\n\n<div class=\"sow-image-container\">\n\t\t\t<a href=\"https:\/\/www.multipat.com.br\/site\/equipe-do-laboratorio-multipat\/consultoria\/\"\n\t\t\t\t\t>\n\t\t\t<img decoding=\"async\" src=\"https:\/\/www.multipat.com.br\/site\/wp-content\/uploads\/2023\/07\/FOTO-DRA.-MIRIAM-300x300.png\" width=\"300\" height=\"300\" srcset=\"https:\/\/www.multipat.com.br\/site\/wp-content\/uploads\/2023\/07\/FOTO-DRA.-MIRIAM-300x300.png 300w, https:\/\/www.multipat.com.br\/site\/wp-content\/uploads\/2023\/07\/FOTO-DRA.-MIRIAM-1024x1024.png 1024w, https:\/\/www.multipat.com.br\/site\/wp-content\/uploads\/2023\/07\/FOTO-DRA.-MIRIAM-150x150.png 150w, https:\/\/www.multipat.com.br\/site\/wp-content\/uploads\/2023\/07\/FOTO-DRA.-MIRIAM-768x768.png 768w, https:\/\/www.multipat.com.br\/site\/wp-content\/uploads\/2023\/07\/FOTO-DRA.-MIRIAM.png 1080w\" sizes=\"(max-width: 300px) 100vw, 300px\" title=\"Consultores em especialidades da Patologia\" alt=\"\" loading=\"lazy\" \t\tclass=\"so-widget-image\"\/>\n\t<\/a><\/div>\n\n<\/div><\/div><\/div><\/div><div id=\"pgc-99-2-1\"  class=\"panel-grid-cell\" ><div id=\"panel-99-2-1-0\" class=\"so-panel widget widget_sow-editor panel-first-child\" data-index=\"4\" ><div\n\t\t\t\n\t\t\tclass=\"so-widget-sow-editor so-widget-sow-editor-base\"\n\t\t\t\n\t\t><h3 class=\"widget-title\">Dra. Miriam Aparecida Da Silva Trevisan \u2013 RQE\/SP: 101322 \u2013 CRM\/SP: 18810<\/h3>\n<div class=\"siteorigin-widget-tinymce textwidget\">\n\t<p>M\u00e9dica pela Universidade Estadual de Campinas - UNICAMP (1972); Especialista em Patologia pela UNICAMP (1974) e pela Sociedade Brasileira de Patologia (1975); Doutora pela UNICAMP (1983); Professora Livre-Docente pela UNICAMP (1995); Especialista nas \u00e1reas de Trato gastrointestinal e Citopatologia.<\/p>\n<\/div>\n<\/div><\/div><div id=\"panel-99-2-1-1\" class=\"so-panel widget widget_sow-button panel-last-child\" data-index=\"5\" ><div class=\"btn-equipe panel-widget-style panel-widget-style-for-99-2-1-1\" ><div\n\t\t\t\n\t\t\tclass=\"so-widget-sow-button so-widget-sow-button-flat-fe671603164d-99\"\n\t\t\t\n\t\t><div class=\"ow-button-base ow-button-align-left\">\n\t<a href=\"#\" class=\"ow-icon-placement-left ow-button-hover\" \t\t>\n\t\t<span>\n\t\t\t\n\t\t\tCURR\u00cdCULO LATTES\t\t<\/span>\n\t<\/a>\n<\/div>\n<\/div><\/div><\/div><\/div><\/div><\/div><div id=\"pg-99-3\"  class=\"panel-grid panel-no-style\" ><div id=\"pgc-99-3-0\"  class=\"panel-grid-cell panel-grid-cell-mobile-last\" ><div id=\"panel-99-3-0-0\" class=\"so-panel widget widget_sow-editor panel-first-child panel-last-child\" data-index=\"6\" ><div\n\t\t\t\n\t\t\tclass=\"so-widget-sow-editor so-widget-sow-editor-base\"\n\t\t\t\n\t\t><h3 class=\"widget-title\">CORPO CL\u00cdNICO<\/h3>\n<div class=\"siteorigin-widget-tinymce textwidget\">\n\t<\/div>\n<\/div><\/div><\/div><div id=\"pgc-99-3-1\"  class=\"panel-grid-cell panel-grid-cell-empty\" ><\/div><\/div><div id=\"pg-99-4\"  class=\"panel-grid panel-has-style\" ><div class=\"equipe panel-row-style panel-row-style-for-99-4\" ><div id=\"pgc-99-4-0\"  class=\"panel-grid-cell\" ><div id=\"panel-99-4-0-0\" class=\"so-panel widget widget_sow-image panel-first-child panel-last-child\" data-index=\"7\" ><div class=\"doutor-clinica panel-widget-style panel-widget-style-for-99-4-0-0\" ><div\n\t\t\t\n\t\t\tclass=\"so-widget-sow-image so-widget-sow-image-default-6b88c04c1f9b-99\"\n\t\t\t\n\t\t>\n\n<div class=\"sow-image-container\">\n\t\t\t<a href=\"https:\/\/www.multipat.com.br\/site\/equipe-do-laboratorio-multipat\/dr-leandro-luis-lopes-freitas\/\"\n\t\t\t\t\t>\n\t\t\t<img decoding=\"async\" src=\"https:\/\/www.multipat.com.br\/site\/wp-content\/uploads\/2022\/04\/DR.LEANDRO-SEM-FUNDO-300x300.png\" width=\"300\" height=\"300\" srcset=\"https:\/\/www.multipat.com.br\/site\/wp-content\/uploads\/2022\/04\/DR.LEANDRO-SEM-FUNDO-300x300.png 300w, https:\/\/www.multipat.com.br\/site\/wp-content\/uploads\/2022\/04\/DR.LEANDRO-SEM-FUNDO-1024x1024.png 1024w, https:\/\/www.multipat.com.br\/site\/wp-content\/uploads\/2022\/04\/DR.LEANDRO-SEM-FUNDO-150x150.png 150w, https:\/\/www.multipat.com.br\/site\/wp-content\/uploads\/2022\/04\/DR.LEANDRO-SEM-FUNDO-768x768.png 768w, https:\/\/www.multipat.com.br\/site\/wp-content\/uploads\/2022\/04\/DR.LEANDRO-SEM-FUNDO.png 1080w\" sizes=\"(max-width: 300px) 100vw, 300px\" title=\"Dr. Leandro Luiz Lopes &lt;br \/&gt; De Freitas\" alt=\"\" loading=\"lazy\" \t\tclass=\"so-widget-image\"\/>\n\t<\/a><\/div>\n\n<\/div><\/div><\/div><\/div><div id=\"pgc-99-4-1\"  class=\"panel-grid-cell\" ><div id=\"panel-99-4-1-0\" class=\"so-panel widget widget_sow-editor panel-first-child\" data-index=\"8\" ><div\n\t\t\t\n\t\t\tclass=\"so-widget-sow-editor so-widget-sow-editor-base\"\n\t\t\t\n\t\t><h3 class=\"widget-title\">Dr. Leandro Luiz Lopes De Freitas - RQE\/SP: 62898\/ CRM\/SP: 96594<\/h3>\n<div class=\"siteorigin-widget-tinymce textwidget\">\n\t<p>Possui gradua\u00e7\u00e3o em Medicina pela Universidade Federal do Tri\u00e2ngulo Mineiro (Uberaba\/MG, em 1998) e resid\u00eancia m\u00e9dica em Anatomia Patol\u00f3gica pela Universidade Estadual de Campinas (Unicamp, 2002). Concluiu o seu doutorado em Anatomia Patol\u00f3gica pela Unicamp (2006) na \u00e1rea de Patologia de Cabe\u00e7a e Pesco\u00e7o, sob orienta\u00e7\u00e3o da Profa. Dra. Albina Altemani. Seu t\u00edtulo de especialista em Patologia foi obtido pela Unicamp e pela Sociedade Brasileira de Patologia\/Associa\u00e7\u00e3o M\u00e9dica Brasileira (2002). Desde 2002, \u00e9 m\u00e9dico assistente do Departamento de Anatomia Patol\u00f3gica, no Hospital das Cl\u00ednicas da Unicamp, com foco de atua\u00e7\u00e3o nas \u00e1reas de Uronefropatologia (trabalhando com o Prof. Dr. Athanase Billis) e Hematopatologia (trabalhando com o Prof. Dr. Jos\u00e9 Vassallo). Realizou est\u00e1gios relacionados a estas \u00e1reas nos seguintes servi\u00e7os: Massachusetts General Hospital (Boston, Estados Unidos, 2008) e Johns Hopkins Hospital (Baltimore, Estados Unidos, 2013). Tem MBA em Gest\u00e3o Empresarial na Funda\u00e7\u00e3o Get\u00falio Vargas (Campinas\/SP), conclu\u00eddo em 2014.<\/p>\n<\/div>\n<\/div><\/div><div id=\"panel-99-4-1-1\" class=\"so-panel widget widget_sow-button panel-last-child\" data-index=\"9\" ><div class=\"btn-equipe panel-widget-style panel-widget-style-for-99-4-1-1\" ><div\n\t\t\t\n\t\t\tclass=\"so-widget-sow-button so-widget-sow-button-flat-fe671603164d-99\"\n\t\t\t\n\t\t><div class=\"ow-button-base ow-button-align-left\">\n\t<a href=\"http:\/\/buscatextual.cnpq.br\/buscatextual\/visualizacv.do?metodo=apresentar&#038;id=K4760223D8\" class=\"ow-icon-placement-left ow-button-hover\" target=\"_blank\" rel=\"noopener noreferrer\" \t\t>\n\t\t<span>\n\t\t\t\n\t\t\tCURR\u00cdCULO LATTES\t\t<\/span>\n\t<\/a>\n<\/div>\n<\/div><\/div><\/div><\/div><\/div><\/div><div id=\"pg-99-5\"  class=\"panel-grid panel-has-style\" ><div class=\"equipe panel-row-style panel-row-style-for-99-5\" ><div id=\"pgc-99-5-0\"  class=\"panel-grid-cell\" ><div id=\"panel-99-5-0-0\" class=\"so-panel widget widget_sow-image panel-first-child panel-last-child\" data-index=\"10\" ><div class=\"doutor-clinica panel-widget-style panel-widget-style-for-99-5-0-0\" ><div\n\t\t\t\n\t\t\tclass=\"so-widget-sow-image so-widget-sow-image-default-6b88c04c1f9b-99\"\n\t\t\t\n\t\t>\n\n<div class=\"sow-image-container\">\n\t\t\t<a href=\"https:\/\/www.multipat.com.br\/site\/equipe-do-laboratorio-multipat\/equipe-medica-dra-luciana-regina-moreira\/\"\n\t\t\t\t\t>\n\t\t\t<img decoding=\"async\" src=\"https:\/\/www.multipat.com.br\/site\/wp-content\/uploads\/2022\/04\/DRA.-LUCIANA-SEM-FUNDO--300x300.png\" width=\"300\" height=\"300\" srcset=\"https:\/\/www.multipat.com.br\/site\/wp-content\/uploads\/2022\/04\/DRA.-LUCIANA-SEM-FUNDO--300x300.png 300w, https:\/\/www.multipat.com.br\/site\/wp-content\/uploads\/2022\/04\/DRA.-LUCIANA-SEM-FUNDO--1024x1024.png 1024w, https:\/\/www.multipat.com.br\/site\/wp-content\/uploads\/2022\/04\/DRA.-LUCIANA-SEM-FUNDO--150x150.png 150w, https:\/\/www.multipat.com.br\/site\/wp-content\/uploads\/2022\/04\/DRA.-LUCIANA-SEM-FUNDO--768x768.png 768w, https:\/\/www.multipat.com.br\/site\/wp-content\/uploads\/2022\/04\/DRA.-LUCIANA-SEM-FUNDO-.png 1080w\" sizes=\"(max-width: 300px) 100vw, 300px\" title=\"Dra. Luciana Regina &lt;br \/&gt; Moreira\" alt=\"\" loading=\"lazy\" \t\tclass=\"so-widget-image\"\/>\n\t<\/a><\/div>\n\n<\/div><\/div><\/div><\/div><div id=\"pgc-99-5-1\"  class=\"panel-grid-cell\" ><div id=\"panel-99-5-1-0\" class=\"so-panel widget widget_sow-editor panel-first-child\" data-index=\"11\" ><div\n\t\t\t\n\t\t\tclass=\"so-widget-sow-editor so-widget-sow-editor-base\"\n\t\t\t\n\t\t><h3 class=\"widget-title\">Dra. Luciana Regina Moreira - RQE\/SP: 29766 \/ CRM\/SP: 105833<\/h3>\n<div class=\"siteorigin-widget-tinymce textwidget\">\n\t<p>Possui gradua\u00e7\u00e3o em Medicina pela Pontif\u00edcia Universidade Cat\u00f3lica de Campinas (PUCC - 2001) e doutorado em Medicina na \u00e1rea de tumores colorretais pela Universidade Estadual de Campinas (Unicamp - 2009). Seu t\u00edtulo de especialista em Patologia foi obtido pela Unicamp, onde fez Resid\u00eancia M\u00e9dica entre 2002 a 2005, e pela Sociedade Brasileira de Patologia\/ Associa\u00e7\u00e3o M\u00e9dica Brasileira (2005). Suas \u00e1reas de atua\u00e7\u00e3o mais espec\u00edficas s\u00e3o Citologia e Patologia do Trato Gastrointestinal, tendo realizado atividades nestas \u00e1reas nos seguintes servi\u00e7os: Universidade do Porto e IPATIMUP (Portugal, 2004 \u2013 est\u00e1gio com a Dra. F\u00e1tima Carneiro editora do livro da OMS de Tumores do Sistema Digestivo), Centro de Assist\u00eancia Integral a Sa\u00fade da Mulher \u2013 CAISM (UNICAMP, 2004 \u2013 est\u00e1gio em Citopatologia Ginecol\u00f3gica e Mam\u00e1ria). Desde 2005 atua como M\u00e9dica Patologista do CAISM \u2013 Hospital da Mulher Professor J. A Pinotti-Unicamp, nas \u00e1reas de Colpocitopatologia (at\u00e9 2020) e Patologia Mam\u00e1ria.<\/p>\n<\/div>\n<\/div><\/div><div id=\"panel-99-5-1-1\" class=\"so-panel widget widget_sow-button panel-last-child\" data-index=\"12\" ><div class=\"btn-equipe panel-widget-style panel-widget-style-for-99-5-1-1\" ><div\n\t\t\t\n\t\t\tclass=\"so-widget-sow-button so-widget-sow-button-flat-fe671603164d-99\"\n\t\t\t\n\t\t><div class=\"ow-button-base ow-button-align-left\">\n\t<a href=\"http:\/\/buscatextual.cnpq.br\/buscatextual\/visualizacv.do?metodo=apresentar&#038;id=K4238310Z0\" class=\"ow-icon-placement-left ow-button-hover\" target=\"_blank\" rel=\"noopener noreferrer\" \t\t>\n\t\t<span>\n\t\t\t\n\t\t\tCURR\u00cdCULO LATTES\t\t<\/span>\n\t<\/a>\n<\/div>\n<\/div><\/div><\/div><\/div><\/div><\/div><div id=\"pg-99-6\"  class=\"panel-grid panel-has-style\" ><div class=\"equipe panel-row-style panel-row-style-for-99-6\" ><div id=\"pgc-99-6-0\"  class=\"panel-grid-cell\" ><div id=\"panel-99-6-0-0\" class=\"so-panel widget widget_sow-image panel-first-child panel-last-child\" data-index=\"13\" ><div class=\"doutor-clinica consultoria panel-widget-style panel-widget-style-for-99-6-0-0\" ><div\n\t\t\t\n\t\t\tclass=\"so-widget-sow-image so-widget-sow-image-default-ab294a5857f7-99\"\n\t\t\t\n\t\t>\n\n<div class=\"sow-image-container\">\n\t\t\t<a href=\"https:\/\/www.multipat.com.br\/site\/equipe-do-laboratorio-multipat\/consultoria\/\"\n\t\t\t\t\t>\n\t\t\t<img decoding=\"async\" src=\"https:\/\/www.multipat.com.br\/site\/wp-content\/uploads\/2025\/12\/Dr-Augusto-2.png\" width=\"300\" height=\"298\" srcset=\"https:\/\/www.multipat.com.br\/site\/wp-content\/uploads\/2025\/12\/Dr-Augusto-2.png 562w, https:\/\/www.multipat.com.br\/site\/wp-content\/uploads\/2025\/12\/Dr-Augusto-2-300x298.png 300w, https:\/\/www.multipat.com.br\/site\/wp-content\/uploads\/2025\/12\/Dr-Augusto-2-150x150.png 150w\" sizes=\"(max-width: 300px) 100vw, 300px\" title=\"Consultores em especialidades da Patologia\" alt=\"\" loading=\"lazy\" \t\tclass=\"so-widget-image\"\/>\n\t<\/a><\/div>\n\n<\/div><\/div><\/div><\/div><div id=\"pgc-99-6-1\"  class=\"panel-grid-cell\" ><div id=\"panel-99-6-1-0\" class=\"so-panel widget widget_sow-editor panel-first-child\" data-index=\"14\" ><div\n\t\t\t\n\t\t\tclass=\"so-widget-sow-editor so-widget-sow-editor-base\"\n\t\t\t\n\t\t><h3 class=\"widget-title\">Dr. Carlos Augusto Moreira Silva<\/h3>\n<div class=\"siteorigin-widget-tinymce textwidget\">\n\t<p>Graduado em MEDICINA pela Universidade Federal do Par\u00e1 (2006). M\u00c9DICO PATOLOGISTA pela Universidade Estadual de Campinas - Faculdade de Ci\u00eancias M\u00e9dicas - FCM-UNICAMP (2011). FELLOWSHIP em HEMATOPATOLOGIA no Hospital CL\u00cdNIC - UNIVERSIDADE DE BARCELONA - Barcelona - Espanha (2012). DOUTOR EM CI\u00caNCIAS (\u00e1rea de concentra\u00e7\u00e3o em ONCOLOGIA) pelo AC Camargo Cancer Center - Funda\u00e7\u00e3o Ant\u00f4nio Prudente, S\u00e3o Paulo - SP (2015).<\/p>\n<\/div>\n<\/div><\/div><div id=\"panel-99-6-1-1\" class=\"so-panel widget widget_sow-button panel-last-child\" data-index=\"15\" ><div class=\"btn-equipe panel-widget-style panel-widget-style-for-99-6-1-1\" ><div\n\t\t\t\n\t\t\tclass=\"so-widget-sow-button so-widget-sow-button-flat-fe671603164d-99\"\n\t\t\t\n\t\t><div class=\"ow-button-base ow-button-align-left\">\n\t<a href=\"http:\/\/lattes.cnpq.br\/0055516058042454\" class=\"ow-icon-placement-left ow-button-hover\" \t\t>\n\t\t<span>\n\t\t\t\n\t\t\tCURR\u00cdCULO LATTES\t\t<\/span>\n\t<\/a>\n<\/div>\n<\/div><\/div><\/div><\/div><\/div><\/div><div id=\"pg-99-7\"  class=\"panel-grid panel-has-style\" ><div class=\"equipe panel-row-style panel-row-style-for-99-7\" ><div id=\"pgc-99-7-0\"  class=\"panel-grid-cell\" ><div id=\"panel-99-7-0-0\" class=\"so-panel widget widget_sow-image panel-first-child panel-last-child\" data-index=\"16\" ><div class=\"doutor-clinica panel-widget-style panel-widget-style-for-99-7-0-0\" ><div\n\t\t\t\n\t\t\tclass=\"so-widget-sow-image so-widget-sow-image-default-6b88c04c1f9b-99\"\n\t\t\t\n\t\t>\n\n<div class=\"sow-image-container\">\n\t\t\t<a href=\"https:\/\/www.multipat.com.br\/site\/equipe-do-laboratorio-multipat\/equipe-medica-dr-lucas-grecco-hoffmann\/\"\n\t\t\t\t\t>\n\t\t\t<img decoding=\"async\" src=\"https:\/\/www.multipat.com.br\/site\/wp-content\/uploads\/2022\/04\/DR.-LUCAS-SEM-FUNDO-300x300.png\" width=\"300\" height=\"300\" srcset=\"https:\/\/www.multipat.com.br\/site\/wp-content\/uploads\/2022\/04\/DR.-LUCAS-SEM-FUNDO-300x300.png 300w, https:\/\/www.multipat.com.br\/site\/wp-content\/uploads\/2022\/04\/DR.-LUCAS-SEM-FUNDO-1024x1024.png 1024w, https:\/\/www.multipat.com.br\/site\/wp-content\/uploads\/2022\/04\/DR.-LUCAS-SEM-FUNDO-150x150.png 150w, https:\/\/www.multipat.com.br\/site\/wp-content\/uploads\/2022\/04\/DR.-LUCAS-SEM-FUNDO-768x768.png 768w, https:\/\/www.multipat.com.br\/site\/wp-content\/uploads\/2022\/04\/DR.-LUCAS-SEM-FUNDO.png 1080w\" sizes=\"(max-width: 300px) 100vw, 300px\" title=\"Dr. Lucas Grecco &lt;br \/&gt; Hoffmann\" alt=\"\" loading=\"lazy\" \t\tclass=\"so-widget-image\"\/>\n\t<\/a><\/div>\n\n<\/div><\/div><\/div><\/div><div id=\"pgc-99-7-1\"  class=\"panel-grid-cell\" ><div id=\"panel-99-7-1-0\" class=\"so-panel widget widget_sow-editor panel-first-child\" data-index=\"17\" ><div\n\t\t\t\n\t\t\tclass=\"so-widget-sow-editor so-widget-sow-editor-base\"\n\t\t\t\n\t\t><h3 class=\"widget-title\">Dr. Lucas Grecco Hoffmann - RQE\/SP: 68712 \/ CRM\/SP: 121015<\/h3>\n<div class=\"siteorigin-widget-tinymce textwidget\">\n\t<p>Possui gradua\u00e7\u00e3o em Medicina pela Universidade Metropolitana de Santos (2005). Resid\u00eancia m\u00e9dica em Anatomia Patol\u00f3gica pela Pontif\u00edcia Universidade Cat\u00f3lica de Campinas \u2013 Hospital e Maternidade Celso Pierro\/PUCC (2011). Realizou est\u00e1gio volunt\u00e1rio no servi\u00e7o de Anatomia Patol\u00f3gica do Hospital S\u00e3o Jo\u00e3o e no IPATIMUP \u2013 Instituto de Patologia e Imunologia Molecular da Universidade do Porto, Portugal (2010) nas \u00e1reas de Citopatologia e Patologia Gastrointestinal. Foi m\u00e9dico patologista do Laborat\u00f3rio Ramos de Souza (Campinas\/SP) entre os anos 2013 e 2015 e do Instituto de Anatomia Patol\u00f3gica (IAP) de Santa B\u00e1rbara d`Oeste\/Piracicaba at\u00e9 2018. T\u00edtulo de especialista em Patologia pela Sociedade Brasileira de Patologia (2017) e em Citopatologia pela Sociedade Brasileira de Citopatologia (2016). Desde 2014 \u00e9 m\u00e9dico Patologista do Laborat\u00f3rio Multipat. Obteve t\u00edtulo de Mestre em 2021 pelo programa de p\u00f3s-gradua\u00e7\u00e3o do Departamento de Tocoginecologia da Faculdade de Ci\u00eancias M\u00e9dicas da Unicamp\/Centro Integral de Assist\u00eancia \u00e0 Sa\u00fade da Mulher (CAISM. Atualmente cursa o Doutorado no mesmo programa.<\/p>\n<\/div>\n<\/div><\/div><div id=\"panel-99-7-1-1\" class=\"so-panel widget widget_sow-button panel-last-child\" data-index=\"18\" ><div class=\"btn-equipe panel-widget-style panel-widget-style-for-99-7-1-1\" ><div\n\t\t\t\n\t\t\tclass=\"so-widget-sow-button so-widget-sow-button-flat-fe671603164d-99\"\n\t\t\t\n\t\t><div class=\"ow-button-base ow-button-align-left\">\n\t<a href=\"http:\/\/buscatextual.cnpq.br\/buscatextual\/visualizacv.do?metodo=apresentar&#038;id=K4259165T1\" class=\"ow-icon-placement-left ow-button-hover\" target=\"_blank\" rel=\"noopener noreferrer\" \t\t>\n\t\t<span>\n\t\t\t\n\t\t\tCURR\u00cdCULO LATTES\t\t<\/span>\n\t<\/a>\n<\/div>\n<\/div><\/div><\/div><\/div><\/div><\/div><div id=\"pg-99-8\"  class=\"panel-grid panel-has-style\" ><div class=\"equipe panel-row-style panel-row-style-for-99-8\" ><div id=\"pgc-99-8-0\"  class=\"panel-grid-cell\" ><div id=\"panel-99-8-0-0\" class=\"so-panel widget widget_sow-image panel-first-child panel-last-child\" data-index=\"19\" ><div class=\"doutor-clinica panel-widget-style panel-widget-style-for-99-8-0-0\" ><div\n\t\t\t\n\t\t\tclass=\"so-widget-sow-image so-widget-sow-image-default-6b88c04c1f9b-99\"\n\t\t\t\n\t\t>\n\n<div class=\"sow-image-container\">\n\t\t\t<a href=\"https:\/\/www.multipat.com.br\/site\/equipe-do-laboratorio-multipat\/equipe-medica-dra-camila-matsunaga-de-angelis\/\"\n\t\t\t\t\t>\n\t\t\t<img decoding=\"async\" src=\"https:\/\/www.multipat.com.br\/site\/wp-content\/uploads\/2022\/04\/DRA.CAMILA-SEM-FUNDO-300x300.png\" width=\"300\" height=\"300\" srcset=\"https:\/\/www.multipat.com.br\/site\/wp-content\/uploads\/2022\/04\/DRA.CAMILA-SEM-FUNDO-300x300.png 300w, https:\/\/www.multipat.com.br\/site\/wp-content\/uploads\/2022\/04\/DRA.CAMILA-SEM-FUNDO-1024x1024.png 1024w, https:\/\/www.multipat.com.br\/site\/wp-content\/uploads\/2022\/04\/DRA.CAMILA-SEM-FUNDO-150x150.png 150w, https:\/\/www.multipat.com.br\/site\/wp-content\/uploads\/2022\/04\/DRA.CAMILA-SEM-FUNDO-768x768.png 768w, https:\/\/www.multipat.com.br\/site\/wp-content\/uploads\/2022\/04\/DRA.CAMILA-SEM-FUNDO.png 1080w\" sizes=\"(max-width: 300px) 100vw, 300px\" title=\"Dra. Camila Matsunaga &lt;br \/&gt; De Angelis\" alt=\"\" loading=\"lazy\" \t\tclass=\"so-widget-image\"\/>\n\t<\/a><\/div>\n\n<\/div><\/div><\/div><\/div><div id=\"pgc-99-8-1\"  class=\"panel-grid-cell\" ><div id=\"panel-99-8-1-0\" class=\"so-panel widget widget_sow-editor panel-first-child\" data-index=\"20\" ><div\n\t\t\t\n\t\t\tclass=\"so-widget-sow-editor so-widget-sow-editor-base\"\n\t\t\t\n\t\t><h3 class=\"widget-title\">Dra. Camila Matsunaga De Angelis - RQE\/SP: 97028 \/ CRM\/SP: 158197<\/h3>\n<div class=\"siteorigin-widget-tinymce textwidget\">\n\t<p>Possui gradua\u00e7\u00e3o em Medicina pela Universidade Federal de S\u00e3o Carlos - UFSCar (SP, 2012) e resid\u00eancia m\u00e9dica em Anatomia Patol\u00f3gica pela Universidade Estadual de Campinas (Unicamp\/ 2016). Seu t\u00edtulo de especialista em Patologia foi obtido pela Unicamp (2016) e pela Sociedade Brasileira de Patologia\/Associa\u00e7\u00e3o M\u00e9dica Brasileira em 2017. Realizou est\u00e1gios relacionados \u00e0s \u00e1reas de Patologia Oral, Citopatologia e Patologia Cir\u00fargica nos seguintes servi\u00e7os: Faculdade de Odontologia de Piracicaba - FOP\/Unicamp (Piracicaba, SP - 2014); Universidade Federal de S\u00e3o Paulo - Unifesp (S\u00e3o Paulo, SP , 2015); e Department of Pathology and Laboratory Medicine - Indiana University - IUPUI (Indian\u00e1polis, IN, EUA, 2015). Obteve o t\u00edtulo de Mestre pelo programa de p\u00f3s-gradua\u00e7\u00e3o em Ci\u00eancias M\u00e9dicas da Faculdade de Ci\u00eancias M\u00e9dicas da Unicamp em 2019.<\/p>\n<\/div>\n<\/div><\/div><div id=\"panel-99-8-1-1\" class=\"so-panel widget widget_sow-button panel-last-child\" data-index=\"21\" ><div class=\"btn-equipe panel-widget-style panel-widget-style-for-99-8-1-1\" ><div\n\t\t\t\n\t\t\tclass=\"so-widget-sow-button so-widget-sow-button-flat-fe671603164d-99\"\n\t\t\t\n\t\t><div class=\"ow-button-base ow-button-align-left\">\n\t<a href=\"http:\/\/lattes.cnpq.br\/0329964634470726\" class=\"ow-icon-placement-left ow-button-hover\" \t\t>\n\t\t<span>\n\t\t\t\n\t\t\tCURR\u00cdCULO LATTES\t\t<\/span>\n\t<\/a>\n<\/div>\n<\/div><\/div><\/div><\/div><\/div><\/div><div id=\"pg-99-9\"  class=\"panel-grid panel-has-style\" ><div class=\"equipe panel-row-style panel-row-style-for-99-9\" ><div id=\"pgc-99-9-0\"  class=\"panel-grid-cell\" ><div id=\"panel-99-9-0-0\" class=\"so-panel widget widget_sow-image panel-first-child panel-last-child\" data-index=\"22\" ><div class=\"doutor-clinica panel-widget-style panel-widget-style-for-99-9-0-0\" ><div\n\t\t\t\n\t\t\tclass=\"so-widget-sow-image so-widget-sow-image-default-6b88c04c1f9b-99\"\n\t\t\t\n\t\t>\n\n<div class=\"sow-image-container\">\n\t\t\t<a href=\"https:\/\/www.multipat.com.br\/site\/equipe-do-laboratorio-multipat\/equipe-medica-dra-karina-da-silva-araujo\/\"\n\t\t\t\t\t>\n\t\t\t<img decoding=\"async\" src=\"https:\/\/www.multipat.com.br\/site\/wp-content\/uploads\/2023\/03\/DRA.-KARINA-300x300.png\" width=\"300\" height=\"300\" srcset=\"https:\/\/www.multipat.com.br\/site\/wp-content\/uploads\/2023\/03\/DRA.-KARINA-300x300.png 300w, https:\/\/www.multipat.com.br\/site\/wp-content\/uploads\/2023\/03\/DRA.-KARINA-1024x1024.png 1024w, https:\/\/www.multipat.com.br\/site\/wp-content\/uploads\/2023\/03\/DRA.-KARINA-150x150.png 150w, https:\/\/www.multipat.com.br\/site\/wp-content\/uploads\/2023\/03\/DRA.-KARINA-768x768.png 768w, https:\/\/www.multipat.com.br\/site\/wp-content\/uploads\/2023\/03\/DRA.-KARINA.png 1080w\" sizes=\"(max-width: 300px) 100vw, 300px\" title=\"Dra. Karina da Silva &lt;br \/&gt; Araujo\" alt=\"\" loading=\"lazy\" \t\tclass=\"so-widget-image\"\/>\n\t<\/a><\/div>\n\n<\/div><\/div><\/div><\/div><div id=\"pgc-99-9-1\"  class=\"panel-grid-cell\" ><div id=\"panel-99-9-1-0\" class=\"so-panel widget widget_sow-editor panel-first-child\" data-index=\"23\" ><div\n\t\t\t\n\t\t\tclass=\"so-widget-sow-editor so-widget-sow-editor-base\"\n\t\t\t\n\t\t><h3 class=\"widget-title\">Dra. Karina da Silva Araujo - RQE\/SP: 98257 \/ CRM\/SP: 172009<\/h3>\n<div class=\"siteorigin-widget-tinymce textwidget\">\n\t<p>Possui gradua\u00e7\u00e3o em Medicina pela Universidade Federal do Esp\u00edrito Santo (Vit\u00f3ria\/ES em 2013) e resid\u00eancia m\u00e9dica em Anatomia Patol\u00f3gica pela Universidade Estadual de Campinas (Unicamp\/ 2018). Obteve o t\u00edtulo de especialista pela Sociedade Brasileira de Patologia\/Associa\u00e7\u00e3o M\u00e9dica Brasileira em 2021. Realizou est\u00e1gios relacionados \u00e0s \u00e1reas de Patologia Geral, Patologia Feto-Placent\u00e1ria, Patologia Pedi\u00e1trica, Citopatologia, Hematopatologia e Dermatopatologia nos seguintes servi\u00e7os: Universidade Federal do Esp\u00edrito Santo \u2013 UFES (Vit\u00f3ria - ES, 2008 a 2013); Universidade Federal de S\u00e3o Paulo \u2013 Unifesp (S\u00e3o Paulo, SP, 2016 e 2017); Universidade Estadual de Campinas (S\u00e3o Paulo, SP, 2017).<\/p>\n<\/div>\n<\/div><\/div><div id=\"panel-99-9-1-1\" class=\"so-panel widget widget_sow-button panel-last-child\" data-index=\"24\" ><div class=\"btn-equipe panel-widget-style panel-widget-style-for-99-9-1-1\" ><div\n\t\t\t\n\t\t\tclass=\"so-widget-sow-button so-widget-sow-button-flat-fe671603164d-99\"\n\t\t\t\n\t\t><div class=\"ow-button-base ow-button-align-left\">\n\t<a href=\"http:\/\/buscatextual.cnpq.br\/buscatextual\/visualizacv.do?metodo=apresentar&#038;id=K8854164Y7\" class=\"ow-icon-placement-left ow-button-hover\" target=\"_blank\" rel=\"noopener noreferrer\" \t\t>\n\t\t<span>\n\t\t\t\n\t\t\tCURR\u00cdCULO LATTES\t\t<\/span>\n\t<\/a>\n<\/div>\n<\/div><\/div><\/div><\/div><\/div><\/div><div id=\"pg-99-10\"  class=\"panel-grid panel-has-style\" ><div class=\"equipe panel-row-style panel-row-style-for-99-10\" ><div id=\"pgc-99-10-0\"  class=\"panel-grid-cell\" ><div id=\"panel-99-10-0-0\" class=\"so-panel widget widget_sow-image panel-first-child panel-last-child\" data-index=\"25\" ><div class=\"doutor-clinica panel-widget-style panel-widget-style-for-99-10-0-0\" ><div\n\t\t\t\n\t\t\tclass=\"so-widget-sow-image so-widget-sow-image-default-6b88c04c1f9b-99\"\n\t\t\t\n\t\t>\n\n<div class=\"sow-image-container\">\n\t\t\t<a href=\"https:\/\/www.multipat.com.br\/site\/equipe-do-laboratorio-multipat\/equipe-medica-dra-amanda-araujo-dos-reis-botega\/\"\n\t\t\t\t\t>\n\t\t\t<img decoding=\"async\" src=\"https:\/\/www.multipat.com.br\/site\/wp-content\/uploads\/2022\/04\/DRA.AMANDA-SEM-FUNDO-300x300.png\" width=\"300\" height=\"300\" srcset=\"https:\/\/www.multipat.com.br\/site\/wp-content\/uploads\/2022\/04\/DRA.AMANDA-SEM-FUNDO-300x300.png 300w, https:\/\/www.multipat.com.br\/site\/wp-content\/uploads\/2022\/04\/DRA.AMANDA-SEM-FUNDO-1024x1024.png 1024w, https:\/\/www.multipat.com.br\/site\/wp-content\/uploads\/2022\/04\/DRA.AMANDA-SEM-FUNDO-150x150.png 150w, https:\/\/www.multipat.com.br\/site\/wp-content\/uploads\/2022\/04\/DRA.AMANDA-SEM-FUNDO-768x768.png 768w, https:\/\/www.multipat.com.br\/site\/wp-content\/uploads\/2022\/04\/DRA.AMANDA-SEM-FUNDO.png 1080w\" sizes=\"(max-width: 300px) 100vw, 300px\" title=\"Dra. Amanda Araujo Dos Reis Botega\" alt=\"\" loading=\"lazy\" \t\tclass=\"so-widget-image\"\/>\n\t<\/a><\/div>\n\n<\/div><\/div><\/div><\/div><div id=\"pgc-99-10-1\"  class=\"panel-grid-cell\" ><div id=\"panel-99-10-1-0\" class=\"so-panel widget widget_sow-editor panel-first-child\" data-index=\"26\" ><div\n\t\t\t\n\t\t\tclass=\"so-widget-sow-editor so-widget-sow-editor-base\"\n\t\t\t\n\t\t><h3 class=\"widget-title\">Dra. Amanda Araujo Dos Reis Botega - RQE\/SP: 97067 - CRM\/SP: 181561<\/h3>\n<div class=\"siteorigin-widget-tinymce textwidget\">\n\t<p>Possui gradua\u00e7\u00e3o em Medicina pela Pontif\u00edcia Universidade de Campinas (PUCC \u2013 2010 \u2013 2016) e resid\u00eancia m\u00e9dica em Anatomia Patol\u00f3gica pela Universidade Estadual de Campinas (Unicamp 2020). Participou do programa de Visiting Scholar em Dermatopatologia e Patologia Oral do Dermatopathology &amp; Oral Phatology Service \u2013 University of California, San Francisco (UCSF, EUA) sob orienta\u00e7\u00e3o do Professor Philip E. LeBoit, no ano de 2019. \u00c9 mestre em Ci\u00eancias M\u00e9dicas pela Faculdade de Ci\u00eancias M\u00e9dicas da Unicamp (2023), na \u00e1rea de Anatomia Patol\u00f3gica com tema de estudo em alopecias cicatriciais e n\u00e3o cicatriciais.<\/p>\n<\/div>\n<\/div><\/div><div id=\"panel-99-10-1-1\" class=\"so-panel widget widget_sow-button panel-last-child\" data-index=\"27\" ><div class=\"btn-equipe panel-widget-style panel-widget-style-for-99-10-1-1\" ><div\n\t\t\t\n\t\t\tclass=\"so-widget-sow-button so-widget-sow-button-flat-fe671603164d-99\"\n\t\t\t\n\t\t><div class=\"ow-button-base ow-button-align-left\">\n\t<a href=\"http:\/\/buscatextual.cnpq.br\/buscatextual\/visualizacv.do?metodo=apresentar&#038;id=K8124722J6\" class=\"ow-icon-placement-left ow-button-hover\" target=\"_blank\" rel=\"noopener noreferrer\" \t\t>\n\t\t<span>\n\t\t\t\n\t\t\tCURR\u00cdCULO LATTES\t\t<\/span>\n\t<\/a>\n<\/div>\n<\/div><\/div><\/div><\/div><\/div><\/div><div id=\"pg-99-11\"  class=\"panel-grid panel-has-style\" ><div class=\"equipe panel-row-style panel-row-style-for-99-11\" ><div id=\"pgc-99-11-0\"  class=\"panel-grid-cell\" ><div id=\"panel-99-11-0-0\" class=\"so-panel widget widget_sow-image panel-first-child panel-last-child\" data-index=\"28\" ><div class=\"doutor-clinica panel-widget-style panel-widget-style-for-99-11-0-0\" ><div\n\t\t\t\n\t\t\tclass=\"so-widget-sow-image so-widget-sow-image-default-6b88c04c1f9b-99\"\n\t\t\t\n\t\t>\n\n<div class=\"sow-image-container\">\n\t\t\t<a href=\"https:\/\/www.multipat.com.br\/site\/equipe-do-laboratorio-multipat\/equipe-medica-dra-leticia-goulart-campos\/\"\n\t\t\t\t\t>\n\t\t\t<img decoding=\"async\" src=\"https:\/\/www.multipat.com.br\/site\/wp-content\/uploads\/2022\/04\/DRA.LETICIA-SEM-FUNDO-300x300.png\" width=\"300\" height=\"300\" srcset=\"https:\/\/www.multipat.com.br\/site\/wp-content\/uploads\/2022\/04\/DRA.LETICIA-SEM-FUNDO-300x300.png 300w, https:\/\/www.multipat.com.br\/site\/wp-content\/uploads\/2022\/04\/DRA.LETICIA-SEM-FUNDO-1024x1024.png 1024w, https:\/\/www.multipat.com.br\/site\/wp-content\/uploads\/2022\/04\/DRA.LETICIA-SEM-FUNDO-150x150.png 150w, https:\/\/www.multipat.com.br\/site\/wp-content\/uploads\/2022\/04\/DRA.LETICIA-SEM-FUNDO-768x768.png 768w, https:\/\/www.multipat.com.br\/site\/wp-content\/uploads\/2022\/04\/DRA.LETICIA-SEM-FUNDO.png 1080w\" sizes=\"(max-width: 300px) 100vw, 300px\" title=\"Dra. Let\u00edcia Goulart &lt;br \/&gt; Campos\" alt=\"\" loading=\"lazy\" \t\tclass=\"so-widget-image\"\/>\n\t<\/a><\/div>\n\n<\/div><\/div><\/div><\/div><div id=\"pgc-99-11-1\"  class=\"panel-grid-cell\" ><div id=\"panel-99-11-1-0\" class=\"so-panel widget widget_sow-editor panel-first-child\" data-index=\"29\" ><div\n\t\t\t\n\t\t\tclass=\"so-widget-sow-editor so-widget-sow-editor-base\"\n\t\t\t\n\t\t><h3 class=\"widget-title\">Dra. Let\u00edcia Goulart Campos - RQE\/SP: 84648 - CRM\/SP: 201915<\/h3>\n<div class=\"siteorigin-widget-tinymce textwidget\">\n\t<p>Possui gradua\u00e7\u00e3o em Medicina pela Faculdade Brasileira UNIVIX (Vit\u00f3ria\/ES em 2015) e Resid\u00eancia M\u00e9dica em Anatomia Patol\u00f3gica pelo Hospital Universit\u00e1rio Cassiano Ant\u00f4nio de Moraes (HUCAM \u2013 Vit\u00f3ria\/ES em 2019). Cursou o programa de P\u00f3s-Gradua\u00e7\u00e3o Lato Sensu em Oncologia, Fellow em Patologia Oncol\u00f3gica na Funda\u00e7\u00e3o Pio XII \u2013 Hospital do C\u00e2ncer de Barretos (Barretos\/SP em 2020). Realizou est\u00e1gio relacionados \u00e0 \u00e1rea de Patologia Geral no Instituto Nacional de C\u00e2ncer, INCA (Rio de Janeiro\/RJ em 2018). Atualmente realiza forma\u00e7\u00e3o em Patologia \u00d3ssea e de Tecidos Moles na Rede D\u2019Or, SP (2021).<\/p>\n<\/div>\n<\/div><\/div><div id=\"panel-99-11-1-1\" class=\"so-panel widget widget_sow-button panel-last-child\" data-index=\"30\" ><div class=\"btn-equipe panel-widget-style panel-widget-style-for-99-11-1-1\" ><div\n\t\t\t\n\t\t\tclass=\"so-widget-sow-button so-widget-sow-button-flat-fe671603164d-99\"\n\t\t\t\n\t\t><div class=\"ow-button-base ow-button-align-left\">\n\t<a href=\"http:\/\/buscatextual.cnpq.br\/buscatextual\/visualizacv.do?metodo=apresentar&#038;id=K4476832P1\" class=\"ow-icon-placement-left ow-button-hover\" target=\"_blank\" rel=\"noopener noreferrer\" \t\t>\n\t\t<span>\n\t\t\t\n\t\t\tCURR\u00cdCULO LATTES\t\t<\/span>\n\t<\/a>\n<\/div>\n<\/div><\/div><\/div><\/div><\/div><\/div><div id=\"pg-99-12\"  class=\"panel-grid panel-has-style\" ><div class=\"equipe panel-row-style panel-row-style-for-99-12\" ><div id=\"pgc-99-12-0\"  class=\"panel-grid-cell\" ><div id=\"panel-99-12-0-0\" class=\"so-panel widget widget_sow-image panel-first-child panel-last-child\" data-index=\"31\" ><div class=\"doutor-clinica panel-widget-style panel-widget-style-for-99-12-0-0\" ><div\n\t\t\t\n\t\t\tclass=\"so-widget-sow-image so-widget-sow-image-default-6b88c04c1f9b-99\"\n\t\t\t\n\t\t>\n\n<div class=\"sow-image-container\">\n\t\t\t<a href=\"https:\/\/www.multipat.com.br\/site\/equipe-do-laboratorio-multipat\/equipe-medica-dra-mariana-di-giuseppe-deininger\/\"\n\t\t\t\t\t>\n\t\t\t<img decoding=\"async\" src=\"https:\/\/www.multipat.com.br\/site\/wp-content\/uploads\/2023\/04\/DRA.-MARIANA-300x300.png\" width=\"300\" height=\"300\" srcset=\"https:\/\/www.multipat.com.br\/site\/wp-content\/uploads\/2023\/04\/DRA.-MARIANA-300x300.png 300w, https:\/\/www.multipat.com.br\/site\/wp-content\/uploads\/2023\/04\/DRA.-MARIANA-1024x1024.png 1024w, https:\/\/www.multipat.com.br\/site\/wp-content\/uploads\/2023\/04\/DRA.-MARIANA-150x150.png 150w, https:\/\/www.multipat.com.br\/site\/wp-content\/uploads\/2023\/04\/DRA.-MARIANA-768x768.png 768w, https:\/\/www.multipat.com.br\/site\/wp-content\/uploads\/2023\/04\/DRA.-MARIANA.png 1080w\" sizes=\"(max-width: 300px) 100vw, 300px\" title=\"Dra. Mariana Di Giuseppe &lt;br \/&gt; Deininger\" alt=\"\" loading=\"lazy\" \t\tclass=\"so-widget-image\"\/>\n\t<\/a><\/div>\n\n<\/div><\/div><\/div><\/div><div id=\"pgc-99-12-1\"  class=\"panel-grid-cell\" ><div id=\"panel-99-12-1-0\" class=\"so-panel widget widget_sow-editor panel-first-child\" data-index=\"32\" ><div\n\t\t\t\n\t\t\tclass=\"so-widget-sow-editor so-widget-sow-editor-base\"\n\t\t\t\n\t\t><h3 class=\"widget-title\">Dra. Mariana Di Giuseppe Deininger - RQE\/SP: 94731 - CRM\/SP: 193774<\/h3>\n<div class=\"siteorigin-widget-tinymce textwidget\">\n\t<p>Gradua\u00e7\u00e3o em Medicina pela Universidade Federal da Para\u00edba - UFPB (2017). Resid\u00eancia M\u00e9dica em Patologia pela Universidade Estadual de Campinas - UNICAMP (2021).<\/p>\n<\/div>\n<\/div><\/div><div id=\"panel-99-12-1-1\" class=\"so-panel widget widget_sow-button panel-last-child\" data-index=\"33\" ><div class=\"btn-equipe panel-widget-style panel-widget-style-for-99-12-1-1\" ><div\n\t\t\t\n\t\t\tclass=\"so-widget-sow-button so-widget-sow-button-flat-fe671603164d-99\"\n\t\t\t\n\t\t><div class=\"ow-button-base ow-button-align-left\">\n\t<a href=\"http:\/\/buscatextual.cnpq.br\/buscatextual\/visualizacv.do?metodo=apresentar&#038;id=K4862498E5\" class=\"ow-icon-placement-left ow-button-hover\" target=\"_blank\" rel=\"noopener noreferrer\" \t\t>\n\t\t<span>\n\t\t\t\n\t\t\tCURR\u00cdCULO LATTES\t\t<\/span>\n\t<\/a>\n<\/div>\n<\/div><\/div><\/div><\/div><\/div><\/div><div id=\"pg-99-13\"  class=\"panel-grid panel-has-style\" ><div class=\"equipe panel-row-style panel-row-style-for-99-13\" ><div id=\"pgc-99-13-0\"  class=\"panel-grid-cell\" ><div id=\"panel-99-13-0-0\" class=\"so-panel widget widget_sow-image panel-first-child panel-last-child\" data-index=\"34\" ><div class=\"doutor-clinica panel-widget-style panel-widget-style-for-99-13-0-0\" ><div\n\t\t\t\n\t\t\tclass=\"so-widget-sow-image so-widget-sow-image-default-6b88c04c1f9b-99\"\n\t\t\t\n\t\t>\n\n<div class=\"sow-image-container\">\n\t\t\t<a href=\"https:\/\/www.multipat.com.br\/site\/equipe-do-laboratorio-multipat\/guilherme-rossi-assis-de-mendonca\/\"\n\t\t\t\t\t>\n\t\t\t<img decoding=\"async\" src=\"https:\/\/www.multipat.com.br\/site\/wp-content\/uploads\/2022\/04\/DR.GUILHERME-SEM-FUNDO-300x300.png\" width=\"300\" height=\"300\" srcset=\"https:\/\/www.multipat.com.br\/site\/wp-content\/uploads\/2022\/04\/DR.GUILHERME-SEM-FUNDO-300x300.png 300w, https:\/\/www.multipat.com.br\/site\/wp-content\/uploads\/2022\/04\/DR.GUILHERME-SEM-FUNDO-1024x1024.png 1024w, https:\/\/www.multipat.com.br\/site\/wp-content\/uploads\/2022\/04\/DR.GUILHERME-SEM-FUNDO-150x150.png 150w, https:\/\/www.multipat.com.br\/site\/wp-content\/uploads\/2022\/04\/DR.GUILHERME-SEM-FUNDO-768x768.png 768w, https:\/\/www.multipat.com.br\/site\/wp-content\/uploads\/2022\/04\/DR.GUILHERME-SEM-FUNDO.png 1080w\" sizes=\"(max-width: 300px) 100vw, 300px\" title=\"Dr. Guilherme Rossi Assis &lt;br \/&gt; De Mendon\u00e7a\" alt=\"\" loading=\"lazy\" \t\tclass=\"so-widget-image\"\/>\n\t<\/a><\/div>\n\n<\/div><\/div><\/div><\/div><div id=\"pgc-99-13-1\"  class=\"panel-grid-cell\" ><div id=\"panel-99-13-1-0\" class=\"so-panel widget widget_sow-editor panel-first-child\" data-index=\"35\" ><div\n\t\t\t\n\t\t\tclass=\"so-widget-sow-editor so-widget-sow-editor-base\"\n\t\t\t\n\t\t><h3 class=\"widget-title\">Dr. Guilherme Rossi Assis De Mendon\u00e7a - RQE\/SP: 102583 \u2013 CRM\/SP: 202012<\/h3>\n<div class=\"siteorigin-widget-tinymce textwidget\">\n\t<p>Possui gradua\u00e7\u00e3o em Medicina (2018) e Resid\u00eancia M\u00e9dica em Patologia (2021) pela Universidade Estadual de Campinas (Unicamp). Concluiu tamb\u00e9m seu Doutorado em Ci\u00eancias (2020) pela Unicamp na \u00e1rea de linfomas, sob orienta\u00e7\u00e3o do Dr. Jos\u00e9 Vassallo, tendo recebido o Pr\u00eamio CAPES de Tese na \u00e1rea de Medicina I (2021). Realizou, em 2022, est\u00e1gio de Hematopatologia e Patologia Molecular no Instituto Oncopole, em Toulouse-Fran\u00e7a, sob supervis\u00e3o dos Drs Pierre Brousset e Camille Laurent.<\/p>\n<\/div>\n<\/div><\/div><div id=\"panel-99-13-1-1\" class=\"so-panel widget widget_sow-button panel-last-child\" data-index=\"36\" ><div class=\"btn-equipe panel-widget-style panel-widget-style-for-99-13-1-1\" ><div\n\t\t\t\n\t\t\tclass=\"so-widget-sow-button so-widget-sow-button-flat-fe671603164d-99\"\n\t\t\t\n\t\t><div class=\"ow-button-base ow-button-align-left\">\n\t<a href=\"http:\/\/buscatextual.cnpq.br\/buscatextual\/visualizacv.do?metodo=apresentar&#038;id=K4408065T8\" class=\"ow-icon-placement-left ow-button-hover\" target=\"_blank\" rel=\"noopener noreferrer\" \t\t>\n\t\t<span>\n\t\t\t\n\t\t\tCURR\u00cdCULO LATTES\t\t<\/span>\n\t<\/a>\n<\/div>\n<\/div><\/div><\/div><\/div><\/div><\/div><div id=\"pg-99-14\"  class=\"panel-grid panel-has-style\" ><div class=\"equipe panel-row-style panel-row-style-for-99-14\" ><div id=\"pgc-99-14-0\"  class=\"panel-grid-cell\" ><div id=\"panel-99-14-0-0\" class=\"so-panel widget widget_sow-image panel-first-child panel-last-child\" data-index=\"37\" ><div class=\"doutor-clinica panel-widget-style panel-widget-style-for-99-14-0-0\" ><div\n\t\t\t\n\t\t\tclass=\"so-widget-sow-image so-widget-sow-image-default-6b88c04c1f9b-99\"\n\t\t\t\n\t\t>\n\n<div class=\"sow-image-container\">\n\t\t\t<a href=\"https:\/\/www.multipat.com.br\/site\/equipe-do-laboratorio-multipat\/dra-renata-bacic-palhares\/\"\n\t\t\t\t\t>\n\t\t\t<img decoding=\"async\" src=\"https:\/\/www.multipat.com.br\/site\/wp-content\/uploads\/2022\/07\/DRA.-RENATA-300x300.png\" width=\"300\" height=\"300\" srcset=\"https:\/\/www.multipat.com.br\/site\/wp-content\/uploads\/2022\/07\/DRA.-RENATA-300x300.png 300w, https:\/\/www.multipat.com.br\/site\/wp-content\/uploads\/2022\/07\/DRA.-RENATA-1024x1024.png 1024w, https:\/\/www.multipat.com.br\/site\/wp-content\/uploads\/2022\/07\/DRA.-RENATA-150x150.png 150w, https:\/\/www.multipat.com.br\/site\/wp-content\/uploads\/2022\/07\/DRA.-RENATA-768x768.png 768w, https:\/\/www.multipat.com.br\/site\/wp-content\/uploads\/2022\/07\/DRA.-RENATA.png 1080w\" sizes=\"(max-width: 300px) 100vw, 300px\" title=\"Dra. Renata Bacic &lt;br \/&gt; Palhares\" alt=\"\" loading=\"lazy\" \t\tclass=\"so-widget-image\"\/>\n\t<\/a><\/div>\n\n<\/div><\/div><\/div><\/div><div id=\"pgc-99-14-1\"  class=\"panel-grid-cell\" ><div id=\"panel-99-14-1-0\" class=\"so-panel widget widget_sow-editor panel-first-child\" data-index=\"38\" ><div\n\t\t\t\n\t\t\tclass=\"so-widget-sow-editor so-widget-sow-editor-base\"\n\t\t\t\n\t\t><h3 class=\"widget-title\">Dra. Renata Bacic Palhares - RQE\/SP: 58775 \u2013 CRM\/SP: 91319<\/h3>\n<div class=\"siteorigin-widget-tinymce textwidget\">\n\t<p>Possui gradua\u00e7\u00e3o em Faculdade de Ci\u00eancias M\u00e9dicas da Santa Casa de S\u00e3o Paulo (1992 \u2013 1997). Resid\u00eancia m\u00e9dica em Anatomia Patol\u00f3gica no Hospital da Santa Casa de Miseric\u00f3rdia de S\u00e3o Paulo (1998 \u2013 2000). Atividade profissional em patologia de mol\u00e9stias infecciosas no Instituto de Infectologia Emilio Ribas (2000-2022). M\u00e9dica Legista Perita Oficial do Estado de S\u00e3o Paulo (2003 \u2013 2022). Membro da Diretoria Executiva da Sociedade Brasileira de Patologia \u2013 PACQ e Membro da Comiss\u00e3o de Acredita\u00e7\u00e3o da mesma institui\u00e7\u00e3o (2016 \u2013 2022).<\/p>\n<\/div>\n<\/div><\/div><div id=\"panel-99-14-1-1\" class=\"so-panel widget widget_sow-button panel-last-child\" data-index=\"39\" ><div class=\"btn-equipe panel-widget-style panel-widget-style-for-99-14-1-1\" ><div\n\t\t\t\n\t\t\tclass=\"so-widget-sow-button so-widget-sow-button-flat-fe671603164d-99\"\n\t\t\t\n\t\t><div class=\"ow-button-base ow-button-align-left\">\n\t<a href=\"http:\/\/lattes.cnpq.br\/0525928423699912\" class=\"ow-icon-placement-left ow-button-hover\" target=\"_blank\" rel=\"noopener noreferrer\" \t\t>\n\t\t<span>\n\t\t\t\n\t\t\tCURR\u00cdCULO LATTES\t\t<\/span>\n\t<\/a>\n<\/div>\n<\/div><\/div><\/div><\/div><\/div><\/div><div id=\"pg-99-15\"  class=\"panel-grid panel-has-style\" ><div class=\"equipe panel-row-style panel-row-style-for-99-15\" ><div id=\"pgc-99-15-0\"  class=\"panel-grid-cell\" ><div id=\"panel-99-15-0-0\" class=\"so-panel widget widget_sow-image panel-first-child panel-last-child\" data-index=\"40\" ><div class=\"doutor-clinica consultoria panel-widget-style panel-widget-style-for-99-15-0-0\" ><div\n\t\t\t\n\t\t\tclass=\"so-widget-sow-image so-widget-sow-image-default-ab294a5857f7-99\"\n\t\t\t\n\t\t>\n\n<div class=\"sow-image-container\">\n\t\t\t<a href=\"https:\/\/www.multipat.com.br\/site\/equipe-do-laboratorio-multipat\/consultoria\/\"\n\t\t\t\t\t>\n\t\t\t<img decoding=\"async\" src=\"https:\/\/www.multipat.com.br\/site\/wp-content\/uploads\/2023\/03\/DR.-DOUGLAS-300x300.png\" width=\"300\" height=\"300\" srcset=\"https:\/\/www.multipat.com.br\/site\/wp-content\/uploads\/2023\/03\/DR.-DOUGLAS-300x300.png 300w, https:\/\/www.multipat.com.br\/site\/wp-content\/uploads\/2023\/03\/DR.-DOUGLAS-1024x1024.png 1024w, https:\/\/www.multipat.com.br\/site\/wp-content\/uploads\/2023\/03\/DR.-DOUGLAS-150x150.png 150w, https:\/\/www.multipat.com.br\/site\/wp-content\/uploads\/2023\/03\/DR.-DOUGLAS-768x768.png 768w, https:\/\/www.multipat.com.br\/site\/wp-content\/uploads\/2023\/03\/DR.-DOUGLAS.png 1080w\" sizes=\"(max-width: 300px) 100vw, 300px\" title=\"Consultores em especialidades da Patologia\" alt=\"\" loading=\"lazy\" \t\tclass=\"so-widget-image\"\/>\n\t<\/a><\/div>\n\n<\/div><\/div><\/div><\/div><div id=\"pgc-99-15-1\"  class=\"panel-grid-cell\" ><div id=\"panel-99-15-1-0\" class=\"so-panel widget widget_sow-editor panel-first-child\" data-index=\"41\" ><div\n\t\t\t\n\t\t\tclass=\"so-widget-sow-editor so-widget-sow-editor-base\"\n\t\t\t\n\t\t><h3 class=\"widget-title\">Dr. Douglas Munhoz Montis \u2013 RQE\/SP: 82570 \u2013 CRM\/SP: 96394<\/h3>\n<div class=\"siteorigin-widget-tinymce textwidget\">\n\t<p>Possui gradua\u00e7\u00e3o em Medicina (1990) e mestrado em Patologia pela Universidade de Petr\u00f3polis - RJ. Seu t\u00edtulo de especialista em Patologia foi obtido pela Santa Casa de Miseric\u00f3rdia do Rio de Janeiro, onde fez Resid\u00eancia M\u00e9dica entre 1991 e 1993, e pela Sociedade Brasileira de Citopatologia (1995). Fez est\u00e1gios em Citopatologia na Santa Casa de Miseric\u00f3rdia do Rio de Janeiro e no Instituto Nacional do C\u00e2ncer (INCA, RJ) em 1994. Atua tamb\u00e9m como M\u00e9dico Citopatologista no Laborat\u00f3rio de Citologia do CAISM- Unicamp, desde 2000.<\/p>\n<\/div>\n<\/div><\/div><div id=\"panel-99-15-1-1\" class=\"so-panel widget widget_sow-button panel-last-child\" data-index=\"42\" ><div class=\"btn-equipe panel-widget-style panel-widget-style-for-99-15-1-1\" ><div\n\t\t\t\n\t\t\tclass=\"so-widget-sow-button so-widget-sow-button-flat-fe671603164d-99\"\n\t\t\t\n\t\t><div class=\"ow-button-base ow-button-align-left\">\n\t<a href=\"http:\/\/lattes.cnpq.br\/5836217249109537\" class=\"ow-icon-placement-left ow-button-hover\" target=\"_blank\" rel=\"noopener noreferrer\" \t\t>\n\t\t<span>\n\t\t\t\n\t\t\tCURR\u00cdCULO LATTES\t\t<\/span>\n\t<\/a>\n<\/div>\n<\/div><\/div><\/div><\/div><\/div><\/div><div id=\"pg-99-16\"  class=\"panel-grid panel-has-style\" ><div class=\"equipe panel-row-style panel-row-style-for-99-16\" ><div id=\"pgc-99-16-0\"  class=\"panel-grid-cell\" ><div id=\"panel-99-16-0-0\" class=\"so-panel widget widget_sow-image panel-first-child panel-last-child\" data-index=\"43\" ><div class=\"doutor-clinica consultoria panel-widget-style panel-widget-style-for-99-16-0-0\" ><div\n\t\t\t\n\t\t\tclass=\"so-widget-sow-image so-widget-sow-image-default-ab294a5857f7-99\"\n\t\t\t\n\t\t>\n\n<div class=\"sow-image-container\">\n\t\t\t<a href=\"https:\/\/www.multipat.com.br\/site\/equipe-do-laboratorio-multipat\/consultoria\/\"\n\t\t\t\t\t>\n\t\t\t<img decoding=\"async\" src=\"https:\/\/www.multipat.com.br\/site\/wp-content\/uploads\/2022\/05\/DRA.-CECILIA-SEM-FUNDO--300x300.png\" width=\"300\" height=\"300\" srcset=\"https:\/\/www.multipat.com.br\/site\/wp-content\/uploads\/2022\/05\/DRA.-CECILIA-SEM-FUNDO--300x300.png 300w, https:\/\/www.multipat.com.br\/site\/wp-content\/uploads\/2022\/05\/DRA.-CECILIA-SEM-FUNDO--1024x1024.png 1024w, https:\/\/www.multipat.com.br\/site\/wp-content\/uploads\/2022\/05\/DRA.-CECILIA-SEM-FUNDO--150x150.png 150w, https:\/\/www.multipat.com.br\/site\/wp-content\/uploads\/2022\/05\/DRA.-CECILIA-SEM-FUNDO--768x768.png 768w, https:\/\/www.multipat.com.br\/site\/wp-content\/uploads\/2022\/05\/DRA.-CECILIA-SEM-FUNDO-.png 1080w\" sizes=\"(max-width: 300px) 100vw, 300px\" title=\"Consultores em especialidades da Patologia\" alt=\"\" loading=\"lazy\" \t\tclass=\"so-widget-image\"\/>\n\t<\/a><\/div>\n\n<\/div><\/div><\/div><\/div><div id=\"pgc-99-16-1\"  class=\"panel-grid-cell\" ><div id=\"panel-99-16-1-0\" class=\"so-panel widget widget_sow-editor panel-first-child\" data-index=\"44\" ><div\n\t\t\t\n\t\t\tclass=\"so-widget-sow-editor so-widget-sow-editor-base\"\n\t\t\t\n\t\t><h3 class=\"widget-title\">Dra. Cec\u00edlia Am\u00e9lia Fazzio Escanhoela \u2013 RQE\/SP: 25373 - CRM\/SP: 046389<\/h3>\n<div class=\"siteorigin-widget-tinymce textwidget\">\n\t<p>Gradua\u00e7\u00e3o em Medicina pela Faculdade de Medicina de Catanduva (FAMECA) em 1982; T\u00edtulo de Especialista pela UNICAMP em 1985, ap\u00f3s conclus\u00e3o da Resid\u00eancia M\u00e9dica junto ao Departamento de Anatomia Patol\u00f3gica, de 1983 a 1985 e pela Sociedade Brasileira de Patologia, em 2008. Estagiou em Paris (Fran\u00e7a) de abril a setembro de 1986 no Institut de Pathologie et de Cytologie Appliqu\u00e9e, sob orienta\u00e7\u00e3o do Prof. Dr. Jean de Brux e no Service Central d'Anatomie Pathologique - Groupe Hospitalier \"Piti\u00e9-Salp\u00e9tri\u00e8re, sob orienta\u00e7\u00e3o do Prof. Dr. Chomette. Doutorado conclu\u00eddo em 1994 na Faculdade de Ci\u00eancias M\u00e9dicas da UNICAMP, abordando a a\u00e7\u00e3o do DIU sobre o endom\u00e9trio. Professora (aposentada) de Patologia da Faculdade de Ci\u00eancias M\u00e9dicas da UNICAMP de 1987 a 2017. Na \u00e1rea de patologia hep\u00e1tica realizou est\u00e1gio na Division of Hepatopathology - Department of Pathology at the Mount Sinai School of Medicine, New York (USA), de outrubro a novembro de 2000, sob a supervis\u00e3o das Dras. Swan Thung e Romil Saxena. Livre-doc\u00eancia pela Faculdade de Ci\u00eancias M\u00e9dicas da UNICAMP em 2014, com compila\u00e7\u00e3o da obra sobre Carcinoma Hepatocelular. Atua principalmente na \u00e1rea de patologia hep\u00e1tica, com \u00eanfase em hepatites, transplante hep\u00e1tico e carcinoma hepatocelular.<\/p>\n<\/div>\n<\/div><\/div><div id=\"panel-99-16-1-1\" class=\"so-panel widget widget_sow-button panel-last-child\" data-index=\"45\" ><div class=\"btn-equipe panel-widget-style panel-widget-style-for-99-16-1-1\" ><div\n\t\t\t\n\t\t\tclass=\"so-widget-sow-button so-widget-sow-button-flat-fe671603164d-99\"\n\t\t\t\n\t\t><div class=\"ow-button-base ow-button-align-left\">\n\t<a href=\"http:\/\/buscatextual.cnpq.br\/buscatextual\/visualizacv.do?metodo=apresentar&#038;id=K4704992Z6\" class=\"ow-icon-placement-left ow-button-hover\" \t\t>\n\t\t<span>\n\t\t\t\n\t\t\tCURR\u00cdCULO LATTES\t\t<\/span>\n\t<\/a>\n<\/div>\n<\/div><\/div><\/div><\/div><\/div><\/div><div id=\"pg-99-17\"  class=\"panel-grid panel-has-style\" ><div class=\"equipe panel-row-style panel-row-style-for-99-17\" ><div id=\"pgc-99-17-0\"  class=\"panel-grid-cell\" ><div id=\"panel-99-17-0-0\" class=\"so-panel widget widget_sow-image panel-first-child panel-last-child\" data-index=\"46\" ><div class=\"doutor-clinica consultoria panel-widget-style panel-widget-style-for-99-17-0-0\" ><div\n\t\t\t\n\t\t\tclass=\"so-widget-sow-image so-widget-sow-image-default-ab294a5857f7-99\"\n\t\t\t\n\t\t>\n\n<div class=\"sow-image-container\">\n\t\t\t<a href=\"https:\/\/www.multipat.com.br\/site\/equipe-do-laboratorio-multipat\/consultoria\/\"\n\t\t\t\t\t>\n\t\t\t<img decoding=\"async\" src=\"https:\/\/www.multipat.com.br\/site\/wp-content\/uploads\/2024\/06\/dra-lais-300x300.png\" width=\"300\" height=\"300\" srcset=\"https:\/\/www.multipat.com.br\/site\/wp-content\/uploads\/2024\/06\/dra-lais-300x300.png 300w, https:\/\/www.multipat.com.br\/site\/wp-content\/uploads\/2024\/06\/dra-lais-1024x1024.png 1024w, https:\/\/www.multipat.com.br\/site\/wp-content\/uploads\/2024\/06\/dra-lais-150x150.png 150w, https:\/\/www.multipat.com.br\/site\/wp-content\/uploads\/2024\/06\/dra-lais-768x768.png 768w, https:\/\/www.multipat.com.br\/site\/wp-content\/uploads\/2024\/06\/dra-lais.png 1080w\" sizes=\"(max-width: 300px) 100vw, 300px\" title=\"Consultores em especialidades da Patologia\" alt=\"Dra. La\u00eds Diniz Martins\" loading=\"lazy\" \t\tclass=\"so-widget-image\"\/>\n\t<\/a><\/div>\n\n<\/div><\/div><\/div><\/div><div id=\"pgc-99-17-1\"  class=\"panel-grid-cell\" ><div id=\"panel-99-17-1-0\" class=\"so-panel widget widget_sow-editor panel-first-child\" data-index=\"47\" ><div\n\t\t\t\n\t\t\tclass=\"so-widget-sow-editor so-widget-sow-editor-base\"\n\t\t\t\n\t\t><h3 class=\"widget-title\">Dra. La\u00eds Diniz Martins \u2013 RQE\/SP: 126819\/ CRM\/SP:214463<\/h3>\n<div class=\"siteorigin-widget-tinymce textwidget\">\n\t<p>Graduada em Medicina pelo Centro Universit\u00e1rio de Votuporanga - UNIFEV (2020) e concluiu a resid\u00eancia m\u00e9dica em Patologia pela Faculdade de Medicina de S\u00e3o Jos\u00e9 do Rio Preto \u2013 FAMERP (2024). Durante a resid\u00eancia, realizou est\u00e1gios em ginecopatologia na rede DASA, orientada pelo Dr. Gustavo Focchi, e em hematopatologia, com orienta\u00e7\u00e3o dos Drs. Guilherme Rossi e Jos\u00e9 Vassallo. Participou ativamente de cursos e congressos, destacando-se pela apresenta\u00e7\u00e3o de sete trabalhos acad\u00eamicos em eventos internacionais, como o XXXIV Congreso Latinoamericano de Patolog\u00eda, 50\u00ba Congreso Argentino de Patolog\u00eda, XXI Congreso Latinoamericano de Patolog\u00eda Pedi\u00e1trica (Buenos Aires\/Argentina, 2023) e XXXIV International Congress of the International Academy of Pathology - IAP (Sydney\/Austr\u00e1lia, 2022). Suas \u00e1reas de maior interesse e estudo incluem uropatologia, ginecopatologia, hematopatologia e dermatopatologia.<\/p>\n<\/div>\n<\/div><\/div><div id=\"panel-99-17-1-1\" class=\"so-panel widget widget_sow-button panel-last-child\" data-index=\"48\" ><div class=\"btn-equipe panel-widget-style panel-widget-style-for-99-17-1-1\" ><div\n\t\t\t\n\t\t\tclass=\"so-widget-sow-button so-widget-sow-button-flat-fe671603164d-99\"\n\t\t\t\n\t\t><div class=\"ow-button-base ow-button-align-left\">\n\t<a href=\"http:\/\/lattes.cnpq.br\/0303578312225625\" class=\"ow-icon-placement-left ow-button-hover\" \t\t>\n\t\t<span>\n\t\t\t\n\t\t\tCURR\u00cdCULO LATTES\t\t<\/span>\n\t<\/a>\n<\/div>\n<\/div><\/div><\/div><\/div><\/div><\/div><div id=\"pg-99-18\"  class=\"panel-grid panel-has-style\" ><div class=\"equipe panel-row-style panel-row-style-for-99-18\" ><div id=\"pgc-99-18-0\"  class=\"panel-grid-cell\" ><div id=\"panel-99-18-0-0\" class=\"so-panel widget widget_sow-image panel-first-child panel-last-child\" data-index=\"49\" ><div class=\"doutor-clinica consultoria panel-widget-style panel-widget-style-for-99-18-0-0\" ><div\n\t\t\t\n\t\t\tclass=\"so-widget-sow-image so-widget-sow-image-default-ab294a5857f7-99\"\n\t\t\t\n\t\t>\n\n<div class=\"sow-image-container\">\n\t\t\t<a href=\"https:\/\/www.multipat.com.br\/site\/equipe-do-laboratorio-multipat\/consultoria\/\"\n\t\t\t\t\t>\n\t\t\t<img decoding=\"async\" src=\"https:\/\/www.multipat.com.br\/site\/wp-content\/uploads\/2025\/12\/Camila-Santos-Saraiva-de-Moura-Firmo-1.png\" width=\"300\" height=\"294\" srcset=\"https:\/\/www.multipat.com.br\/site\/wp-content\/uploads\/2025\/12\/Camila-Santos-Saraiva-de-Moura-Firmo-1.png 331w, https:\/\/www.multipat.com.br\/site\/wp-content\/uploads\/2025\/12\/Camila-Santos-Saraiva-de-Moura-Firmo-1-300x294.png 300w\" sizes=\"(max-width: 300px) 100vw, 300px\" title=\"Consultores em especialidades da Patologia\" alt=\"\" loading=\"lazy\" \t\tclass=\"so-widget-image\"\/>\n\t<\/a><\/div>\n\n<\/div><\/div><\/div><\/div><div id=\"pgc-99-18-1\"  class=\"panel-grid-cell\" ><div id=\"panel-99-18-1-0\" class=\"so-panel widget widget_sow-editor panel-first-child\" data-index=\"50\" ><div\n\t\t\t\n\t\t\tclass=\"so-widget-sow-editor so-widget-sow-editor-base\"\n\t\t\t\n\t\t><h3 class=\"widget-title\">Dra. Camila Santos Saraiva de Moura Firmo<\/h3>\n<div class=\"siteorigin-widget-tinymce textwidget\">\n\t<p>M\u00e9dica formada pela Universidade Federal do Vale do S\u00e3o Francisco UNIVASF (2017), com resid\u00eancia m\u00e9dica em Anatomia Patol\u00f3gica pela Universidade Estadual de<br \/>\nCampinas UNICAMP (20222025). Atuou como m\u00e9dica generalista na Estrat\u00e9gia Sa\u00fade da Fam\u00edlia (20172021). Durante a resid\u00eancia, realizou observership em<br \/>\ndermatopatologia na University of California, San Francisco (UCSF), sob orienta\u00e7\u00e3o do Dr. Philip LeBoit. Atualmente \u00e9 preceptora do Programa de Preceptoria da FCM<br \/>\nUNICAMP, atuando na \u00e1rea de patologia cir\u00fargica, com \u00eanfase em patologia ginecol\u00f3gica e patologia geral. \u00c9 mestranda em Cl\u00ednica M\u00e9dica pela UNICAMP (in\u00edcio em 2025),<br \/>\nna linha de pesquisa em Dermatologia Cl\u00ednica e Molecular. Tem interesse em pesquisa nas \u00e1reas de dermatopatologia e patologia ginecol\u00f3gica.<\/p>\n<\/div>\n<\/div><\/div><div id=\"panel-99-18-1-1\" class=\"so-panel widget widget_sow-button panel-last-child\" data-index=\"51\" ><div class=\"btn-equipe panel-widget-style panel-widget-style-for-99-18-1-1\" ><div\n\t\t\t\n\t\t\tclass=\"so-widget-sow-button so-widget-sow-button-flat-fe671603164d-99\"\n\t\t\t\n\t\t><div class=\"ow-button-base ow-button-align-left\">\n\t<a href=\"https:\/\/lattes.cnpq.br\/3027695148517428\" class=\"ow-icon-placement-left ow-button-hover\" \t\t>\n\t\t<span>\n\t\t\t\n\t\t\tCURR\u00cdCULO LATTES\t\t<\/span>\n\t<\/a>\n<\/div>\n<\/div><\/div><\/div><\/div><\/div><\/div><\/div>","protected":false},"excerpt":{"rendered":"<p>Foi graduado em Medicina pela Universidade de S\u00e3o Paulo (1980) e doutorado em Medicina pela Westf\u00e4lische Wilhelms &#8211; Universit\u00e4t M\u00fcnster, Alemanha (1987). Seu t\u00edtulo de especialista em Patologia foi obtido pela Unicamp, onde fez Resid\u00eancia M\u00e9dica entre 1981 e 1983, e pela Sociedade Brasileira de Patologia\/Associa\u00e7\u00e3o M\u00e9dica Brasileira (2001). Obteve o grau de Livre-Docente em [&hellip;]<\/p>\n","protected":false},"author":5,"featured_media":0,"parent":0,"menu_order":0,"comment_status":"closed","ping_status":"closed","template":"","meta":{"footnotes":""},"acf":[],"yoast_head":"<!-- This site is optimized with the Yoast SEO plugin v19.2 - https:\/\/yoast.com\/wordpress\/plugins\/seo\/ -->\r\n<title>Equipe do Laborat\u00f3rio Multipat<\/title>\r\n<meta name=\"description\" content=\"A equipe de Patologistas do Laborat\u00f3rio Multipat busca constante atualiza\u00e7\u00e3o atrav\u00e9s da participa\u00e7\u00e3o em eventos m\u00e9dicos\" \/>\r\n<meta name=\"robots\" content=\"index, follow, max-snippet:-1, max-image-preview:large, max-video-preview:-1\" \/>\r\n<link rel=\"canonical\" href=\"https:\/\/www.multipat.com.br\/site\/equipe-do-laboratorio-multipat\/\" \/>\r\n<meta property=\"og:locale\" content=\"pt_BR\" \/>\r\n<meta property=\"og:type\" content=\"article\" \/>\r\n<meta property=\"og:title\" content=\"Equipe do Laborat\u00f3rio Multipat\" \/>\r\n<meta property=\"og:description\" content=\"A equipe de Patologistas do Laborat\u00f3rio Multipat busca constante atualiza\u00e7\u00e3o atrav\u00e9s da participa\u00e7\u00e3o em eventos m\u00e9dicos\" \/>\r\n<meta property=\"og:url\" content=\"https:\/\/www.multipat.com.br\/site\/equipe-do-laboratorio-multipat\/\" \/>\r\n<meta property=\"og:site_name\" content=\"Multipat - Laborat\u00f3rio m\u00e9dico privado que presta diagn\u00f3sticos de Anatomia Patol\u00f3gica, Citopatologia Diagn\u00f3stica e Patologia Molecular em Jardim Guanabara - Campinas.\" \/>\r\n<meta property=\"article:modified_time\" content=\"2025-12-16T12:03:44+00:00\" \/>\r\n<meta name=\"author\" content=\"Desenvolvedor Projeto Web\" \/>\r\n<meta name=\"twitter:card\" content=\"summary_large_image\" \/>\r\n<meta name=\"twitter:label1\" content=\"Est. tempo de leitura\" \/>\n\t<meta name=\"twitter:data1\" content=\"12 minutos\" \/>\r\n<script type=\"application\/ld+json\" class=\"yoast-schema-graph\">{\"@context\":\"https:\/\/schema.org\",\"@graph\":[{\"@type\":\"WebSite\",\"@id\":\"http:\/\/www.multipat.com.br\/site\/#website\",\"url\":\"http:\/\/www.multipat.com.br\/site\/\",\"name\":\"Multipat - Laborat\u00f3rio m\u00e9dico privado que presta diagn\u00f3sticos de Anatomia Patol\u00f3gica, Citopatologia Diagn\u00f3stica e Patologia Molecular em Jardim Guanabara - Campinas.\",\"description\":\"Multipat - Laborat\u00f3rio m\u00e9dico privado que presta diagn\u00f3sticos de Anatomia Patol\u00f3gica, Citopatologia Diagn\u00f3stica e Patologia Molecular em Jardim Guanabara - Campinas.\",\"potentialAction\":[{\"@type\":\"SearchAction\",\"target\":{\"@type\":\"EntryPoint\",\"urlTemplate\":\"http:\/\/www.multipat.com.br\/site\/?s={search_term_string}\"},\"query-input\":\"required name=search_term_string\"}],\"inLanguage\":\"pt-BR\"},{\"@type\":\"WebPage\",\"@id\":\"https:\/\/www.multipat.com.br\/site\/equipe-do-laboratorio-multipat\/#webpage\",\"url\":\"https:\/\/www.multipat.com.br\/site\/equipe-do-laboratorio-multipat\/\",\"name\":\"Equipe do Laborat\u00f3rio Multipat\",\"isPartOf\":{\"@id\":\"http:\/\/www.multipat.com.br\/site\/#website\"},\"datePublished\":\"2021-02-17T11:53:38+00:00\",\"dateModified\":\"2025-12-16T12:03:44+00:00\",\"description\":\"A equipe de Patologistas do Laborat\u00f3rio Multipat busca constante atualiza\u00e7\u00e3o atrav\u00e9s da participa\u00e7\u00e3o em eventos m\u00e9dicos\",\"breadcrumb\":{\"@id\":\"https:\/\/www.multipat.com.br\/site\/equipe-do-laboratorio-multipat\/#breadcrumb\"},\"inLanguage\":\"pt-BR\",\"potentialAction\":[{\"@type\":\"ReadAction\",\"target\":[\"https:\/\/www.multipat.com.br\/site\/equipe-do-laboratorio-multipat\/\"]}]},{\"@type\":\"BreadcrumbList\",\"@id\":\"https:\/\/www.multipat.com.br\/site\/equipe-do-laboratorio-multipat\/#breadcrumb\",\"itemListElement\":[{\"@type\":\"ListItem\",\"position\":1,\"name\":\"In\u00edcio\",\"item\":\"http:\/\/www.multipat.com.br\/site\/\"},{\"@type\":\"ListItem\",\"position\":2,\"name\":\"Equipe M\u00e9dica\"}]}]}<\/script>\r\n<!-- \/ Yoast SEO plugin. -->","yoast_head_json":{"title":"Equipe do Laborat\u00f3rio Multipat","description":"A equipe de Patologistas do Laborat\u00f3rio Multipat busca constante atualiza\u00e7\u00e3o atrav\u00e9s da participa\u00e7\u00e3o em eventos m\u00e9dicos","robots":{"index":"index","follow":"follow","max-snippet":"max-snippet:-1","max-image-preview":"max-image-preview:large","max-video-preview":"max-video-preview:-1"},"canonical":"https:\/\/www.multipat.com.br\/site\/equipe-do-laboratorio-multipat\/","og_locale":"pt_BR","og_type":"article","og_title":"Equipe do Laborat\u00f3rio Multipat","og_description":"A equipe de Patologistas do Laborat\u00f3rio Multipat busca constante atualiza\u00e7\u00e3o atrav\u00e9s da participa\u00e7\u00e3o em eventos m\u00e9dicos","og_url":"https:\/\/www.multipat.com.br\/site\/equipe-do-laboratorio-multipat\/","og_site_name":"Multipat - Laborat\u00f3rio m\u00e9dico privado que presta diagn\u00f3sticos de Anatomia Patol\u00f3gica, Citopatologia Diagn\u00f3stica e Patologia Molecular em Jardim Guanabara - Campinas.","article_modified_time":"2025-12-16T12:03:44+00:00","author":"Desenvolvedor Projeto Web","twitter_card":"summary_large_image","twitter_misc":{"Est. tempo de leitura":"12 minutos"},"schema":{"@context":"https:\/\/schema.org","@graph":[{"@type":"WebSite","@id":"http:\/\/www.multipat.com.br\/site\/#website","url":"http:\/\/www.multipat.com.br\/site\/","name":"Multipat - Laborat\u00f3rio m\u00e9dico privado que presta diagn\u00f3sticos de Anatomia Patol\u00f3gica, Citopatologia Diagn\u00f3stica e Patologia Molecular em Jardim Guanabara - Campinas.","description":"Multipat - Laborat\u00f3rio m\u00e9dico privado que presta diagn\u00f3sticos de Anatomia Patol\u00f3gica, Citopatologia Diagn\u00f3stica e Patologia Molecular em Jardim Guanabara - Campinas.","potentialAction":[{"@type":"SearchAction","target":{"@type":"EntryPoint","urlTemplate":"http:\/\/www.multipat.com.br\/site\/?s={search_term_string}"},"query-input":"required name=search_term_string"}],"inLanguage":"pt-BR"},{"@type":"WebPage","@id":"https:\/\/www.multipat.com.br\/site\/equipe-do-laboratorio-multipat\/#webpage","url":"https:\/\/www.multipat.com.br\/site\/equipe-do-laboratorio-multipat\/","name":"Equipe do Laborat\u00f3rio Multipat","isPartOf":{"@id":"http:\/\/www.multipat.com.br\/site\/#website"},"datePublished":"2021-02-17T11:53:38+00:00","dateModified":"2025-12-16T12:03:44+00:00","description":"A equipe de Patologistas do Laborat\u00f3rio Multipat busca constante atualiza\u00e7\u00e3o atrav\u00e9s da participa\u00e7\u00e3o em eventos m\u00e9dicos","breadcrumb":{"@id":"https:\/\/www.multipat.com.br\/site\/equipe-do-laboratorio-multipat\/#breadcrumb"},"inLanguage":"pt-BR","potentialAction":[{"@type":"ReadAction","target":["https:\/\/www.multipat.com.br\/site\/equipe-do-laboratorio-multipat\/"]}]},{"@type":"BreadcrumbList","@id":"https:\/\/www.multipat.com.br\/site\/equipe-do-laboratorio-multipat\/#breadcrumb","itemListElement":[{"@type":"ListItem","position":1,"name":"In\u00edcio","item":"http:\/\/www.multipat.com.br\/site\/"},{"@type":"ListItem","position":2,"name":"Equipe M\u00e9dica"}]}]}},"_links":{"self":[{"href":"https:\/\/www.multipat.com.br\/site\/wp-json\/wp\/v2\/pages\/99"}],"collection":[{"href":"https:\/\/www.multipat.com.br\/site\/wp-json\/wp\/v2\/pages"}],"about":[{"href":"https:\/\/www.multipat.com.br\/site\/wp-json\/wp\/v2\/types\/page"}],"author":[{"embeddable":true,"href":"https:\/\/www.multipat.com.br\/site\/wp-json\/wp\/v2\/users\/5"}],"replies":[{"embeddable":true,"href":"https:\/\/www.multipat.com.br\/site\/wp-json\/wp\/v2\/comments?post=99"}],"version-history":[{"count":215,"href":"https:\/\/www.multipat.com.br\/site\/wp-json\/wp\/v2\/pages\/99\/revisions"}],"predecessor-version":[{"id":2188,"href":"https:\/\/www.multipat.com.br\/site\/wp-json\/wp\/v2\/pages\/99\/revisions\/2188"}],"wp:attachment":[{"href":"https:\/\/www.multipat.com.br\/site\/wp-json\/wp\/v2\/media?parent=99"}],"curies":[{"name":"wp","href":"https:\/\/api.w.org\/{rel}","templated":true}]}}